{"id":929,"date":"2015-07-02T15:44:56","date_gmt":"2015-07-02T15:44:56","guid":{"rendered":"http:\/\/www.ordinefarmacistiprato.it\/CMS\/?page_id=929"},"modified":"2021-03-03T15:52:43","modified_gmt":"2021-03-03T14:52:43","slug":"news","status":"publish","type":"page","link":"https:\/\/www.ordinefarmacistiprato.it\/CMS\/news\/","title":{"rendered":"News"},"content":{"rendered":"<p><div class=\"fusion-fullwidth fullwidth-box fusion-builder-row-1 fusion-flex-container nonhundred-percent-fullwidth non-hundred-percent-height-scrolling\" style=\"--awb-background-position:left top;--awb-border-sizes-top:0px;--awb-border-sizes-bottom:0px;--awb-border-sizes-left:0px;--awb-border-sizes-right:0px;--awb-border-radius-top-left:0px;--awb-border-radius-top-right:0px;--awb-border-radius-bottom-right:0px;--awb-border-radius-bottom-left:0px;--awb-padding-top:100px;--awb-padding-bottom:80px;--awb-padding-top-medium:72px;--awb-padding-bottom-medium:32px;--awb-flex-wrap:wrap;\" ><div class=\"fusion-builder-row fusion-row fusion-flex-align-items-flex-start fusion-flex-content-wrap\" style=\"max-width:1216.8px;margin-left: calc(-4% \/ 2 );margin-right: calc(-4% \/ 2 );\"><div class=\"fusion-layout-column fusion_builder_column fusion-builder-column-0 fusion_builder_column_1_1 1_1 fusion-flex-column fusion-flex-align-self-flex-start fusion-column-no-min-height\" style=\"--awb-bg-size:cover;--awb-width-large:100%;--awb-margin-top-large:0px;--awb-spacing-right-large:1.92%;--awb-margin-bottom-large:0px;--awb-spacing-left-large:1.92%;--awb-width-medium:100%;--awb-spacing-right-medium:1.92%;--awb-spacing-left-medium:1.92%;--awb-width-small:100%;--awb-spacing-right-small:1.92%;--awb-spacing-left-small:1.92%;\"><div class=\"fusion-column-wrapper fusion-flex-justify-content-flex-start fusion-content-layout-column\"><div class=\"fusion-separator fusion-full-width-sep\" style=\"align-self: center;margin-left: auto;margin-right: auto;width:100%;\"><div class=\"fusion-separator-border sep-single sep-solid\" style=\"--awb-height:20px;--awb-amount:20px;--awb-sep-color:#55a098;border-color:#55a098;border-top-width:5px;\"><\/div><\/div><\/div><\/div><div class=\"fusion-layout-column fusion_builder_column fusion-builder-column-1 fusion_builder_column_1_1 1_1 fusion-flex-column green-border rounded-border\" style=\"--awb-padding-top:60px;--awb-padding-right:60px;--awb-padding-bottom:0px;;--awb-padding-left:60px;--awb-bg-color:#ffffff;--awb-bg-color-hover:#ffffff;--awb-bg-size:cover;--awb-border-color:#e2e2e2;--awb-border-top:1px;--awb-border-right:1px;--awb-border-bottom:1px;--awb-border-left:1px;--awb-border-style:solid;--awb-width-large:100%;--awb-margin-top-large:0px;--awb-spacing-right-large:1.92%;--awb-margin-bottom-large:45px;--awb-spacing-left-large:1.92%;--awb-width-medium:100%;--awb-spacing-right-medium:1.92%;--awb-spacing-left-medium:1.92%;--awb-width-small:100%;--awb-spacing-right-small:1.92%;--awb-spacing-left-small:1.92%;\"><div class=\"fusion-column-wrapper fusion-flex-justify-content-flex-start fusion-content-layout-column\"><div class=\"fusion-recent-posts fusion-recent-posts-1 avada-container layout-default layout-columns-3\"><section class=\"fusion-columns columns fusion-columns-3 columns-3\"><article class=\"post fusion-column column col col-lg-4 col-md-4 col-sm-4\"><div class=\"fusion-flexslider fusion-flexslider-loading flexslider flexslider-hover-type-zoomin\"><ul class=\"slides\"><li><a href=\"https:\/\/www.ordinefarmacistiprato.it\/CMS\/2021\/09\/24\/e-n-p-a-f-fondo-esonero-contributi-previdenziali-2021\/\" aria-label=\"E.N.P.A.F. : Fondo esonero contributi previdenziali 2021\" class=\"hover-type-zoomin\"><img decoding=\"async\" width=\"300\" height=\"168\" src=\"https:\/\/www.ordinefarmacistiprato.it\/CMS\/wp-content\/uploads\/2021\/09\/empaf.jpg\" class=\"attachment-recent-posts size-recent-posts\" alt=\"\" srcset=\"https:\/\/www.ordinefarmacistiprato.it\/CMS\/wp-content\/uploads\/2021\/09\/empaf-200x112.jpg 200w, https:\/\/www.ordinefarmacistiprato.it\/CMS\/wp-content\/uploads\/2021\/09\/empaf.jpg 300w\" sizes=\"(max-width: 300px) 100vw, 300px\" \/><\/a><\/li><\/ul><\/div><div class=\"recent-posts-content\"><span class=\"vcard\" style=\"display: none;\"><span class=\"fn\"><a href=\"https:\/\/www.ordinefarmacistiprato.it\/CMS\/author\/masi\/\" title=\"Articoli scritti da @Masi\" rel=\"author\">@Masi<\/a><\/span><\/span><span class=\"updated\" style=\"display:none;\">2021-09-24T17:24:43+02:00<\/span><h4 class=\"entry-title\"><a href=\"https:\/\/www.ordinefarmacistiprato.it\/CMS\/2021\/09\/24\/e-n-p-a-f-fondo-esonero-contributi-previdenziali-2021\/\">E.N.P.A.F. : Fondo esonero contributi previdenziali 2021<\/a><\/h4><p class=\"meta\"><span class=\"vcard\" style=\"display: none;\"><span class=\"fn\"><a href=\"https:\/\/www.ordinefarmacistiprato.it\/CMS\/author\/masi\/\" title=\"Articoli scritti da @Masi\" rel=\"author\">@Masi<\/a><\/span><\/span><span class=\"updated\" style=\"display:none;\">2021-09-24T17:24:43+02:00<\/span><span>Settembre 24th, 2021<\/span><span class=\"fusion-inline-sep\">|<\/span><span class=\"fusion-comments\"><span>Commenti disabilitati<span class=\"screen-reader-text\"> su E.N.P.A.F. : Fondo esonero contributi previdenziali 2021<\/span><\/span><\/span><\/p><p> Attivata nell'agosto 2021 la procedura di accesso al fondo esonero contributivo prevede che la domanda sia presentata su Enpaf online entro il 31 ottobre 2021.  [...]<\/p><\/div><\/article><article class=\"post fusion-column column col col-lg-4 col-md-4 col-sm-4\"><div class=\"fusion-flexslider fusion-flexslider-loading flexslider flexslider-hover-type-zoomin\"><ul class=\"slides\"><li><a href=\"https:\/\/www.ordinefarmacistiprato.it\/CMS\/2021\/09\/24\/covid-si-definitivo-del-senato-a-dl-green-pass-vaccino-antinfluenzale-in-farmacia-tra-le-novita-del-testo\/\" aria-label=\"Covid, s\u00ec definitivo del Senato a dl green pass. Vaccino antinfluenzale in farmacia tra le novit\u00e0 del testo\" class=\"hover-type-zoomin\"><img decoding=\"async\" width=\"200\" height=\"150\" src=\"https:\/\/www.ordinefarmacistiprato.it\/CMS\/wp-content\/uploads\/2021\/09\/phone-greenpass.jpg\" class=\"attachment-recent-posts size-recent-posts\" alt=\"\" \/><\/a><\/li><\/ul><\/div><div class=\"recent-posts-content\"><span class=\"vcard\" style=\"display: none;\"><span class=\"fn\"><a href=\"https:\/\/www.ordinefarmacistiprato.it\/CMS\/author\/masi\/\" title=\"Articoli scritti da @Masi\" rel=\"author\">@Masi<\/a><\/span><\/span><span class=\"updated\" style=\"display:none;\">2021-09-24T16:06:30+02:00<\/span><h4 class=\"entry-title\"><a href=\"https:\/\/www.ordinefarmacistiprato.it\/CMS\/2021\/09\/24\/covid-si-definitivo-del-senato-a-dl-green-pass-vaccino-antinfluenzale-in-farmacia-tra-le-novita-del-testo\/\">Covid, s\u00ec definitivo del Senato a dl green pass. Vaccino antinfluenzale in farmacia tra le novit\u00e0 del testo<\/a><\/h4><p class=\"meta\"><span class=\"vcard\" style=\"display: none;\"><span class=\"fn\"><a href=\"https:\/\/www.ordinefarmacistiprato.it\/CMS\/author\/masi\/\" title=\"Articoli scritti da @Masi\" rel=\"author\">@Masi<\/a><\/span><\/span><span class=\"updated\" style=\"display:none;\">2021-09-24T16:06:30+02:00<\/span><span>Settembre 24th, 2021<\/span><span class=\"fusion-inline-sep\">|<\/span><span class=\"fusion-comments\"><span>Commenti disabilitati<span class=\"screen-reader-text\"> su Covid, s\u00ec definitivo del Senato a dl green pass. Vaccino antinfluenzale in farmacia tra le novit\u00e0 del testo<\/span><\/span><\/span><\/p><p> Il Senato ha approvato definitivamente il decreto sul Green Pass, gi\u00e0 licenziato dalla Camera il 9 settembre scorso. Tra le novit\u00e0 del decreto anche la possibilit\u00e0 [...]<\/p><\/div><\/article><article class=\"post fusion-column column col col-lg-4 col-md-4 col-sm-4\"><div class=\"fusion-flexslider fusion-flexslider-loading flexslider flexslider-hover-type-zoomin\"><ul class=\"slides\"><li><a href=\"https:\/\/www.ordinefarmacistiprato.it\/CMS\/2021\/09\/24\/green-pass-il-decreto-e-in-gazzetta\/\" aria-label=\"Green Pass, il decreto \u00e8 in Gazzetta\" class=\"hover-type-zoomin\"><img decoding=\"async\" width=\"200\" height=\"150\" src=\"https:\/\/www.ordinefarmacistiprato.it\/CMS\/wp-content\/uploads\/2021\/09\/Gazzetta-piccola.jpg\" class=\"attachment-recent-posts size-recent-posts\" alt=\"\" \/><\/a><\/li><\/ul><\/div><div class=\"recent-posts-content\"><span class=\"vcard\" style=\"display: none;\"><span class=\"fn\"><a href=\"https:\/\/www.ordinefarmacistiprato.it\/CMS\/author\/masi\/\" title=\"Articoli scritti da @Masi\" rel=\"author\">@Masi<\/a><\/span><\/span><span class=\"updated\" style=\"display:none;\">2021-09-24T16:08:28+02:00<\/span><h4 class=\"entry-title\"><a href=\"https:\/\/www.ordinefarmacistiprato.it\/CMS\/2021\/09\/24\/green-pass-il-decreto-e-in-gazzetta\/\">Green Pass, il decreto \u00e8 in Gazzetta<\/a><\/h4><p class=\"meta\"><span class=\"vcard\" style=\"display: none;\"><span class=\"fn\"><a href=\"https:\/\/www.ordinefarmacistiprato.it\/CMS\/author\/masi\/\" title=\"Articoli scritti da @Masi\" rel=\"author\">@Masi<\/a><\/span><\/span><span class=\"updated\" style=\"display:none;\">2021-09-24T16:08:28+02:00<\/span><span>Settembre 24th, 2021<\/span><span class=\"fusion-inline-sep\">|<\/span><span class=\"fusion-comments\"><span>Commenti disabilitati<span class=\"screen-reader-text\"> su Green Pass, il decreto \u00e8 in Gazzetta<\/span><\/span><\/span><\/p><p> Il decreto-legge per l'obbligo del Green Pass sui luoghi di lavoro, approvato la scorsa settimana in Consiglio dei Ministri, \u00e8 stato pubblicato in Gazzetta Ufficiale ed [...]<\/p><\/div><\/article><\/section><\/div><\/div><\/div><div class=\"fusion-layout-column fusion_builder_column fusion-builder-column-2 fusion_builder_column_1_2 1_2 fusion-flex-column rounded-border\" style=\"--awb-padding-top:60px;--awb-padding-right:60px;--awb-padding-bottom:0px;;--awb-padding-left:60px;--awb-bg-color:#ffffff;--awb-bg-color-hover:#ffffff;--awb-bg-size:cover;--awb-border-color:#e2e2e2;--awb-border-top:1px;--awb-border-right:1px;--awb-border-bottom:1px;--awb-border-left:1px;--awb-border-style:solid;--awb-width-large:50%;--awb-margin-top-large:0px;--awb-spacing-right-large:3.84%;--awb-margin-bottom-large:45px;--awb-spacing-left-large:3.84%;--awb-width-medium:100%;--awb-spacing-right-medium:1.92%;--awb-spacing-left-medium:1.92%;--awb-width-small:100%;--awb-spacing-right-small:1.92%;--awb-spacing-left-small:1.92%;\"><div class=\"fusion-column-wrapper fusion-flex-justify-content-flex-start fusion-content-layout-column\"><div class=\"fusion-recent-posts fusion-recent-posts-2 avada-container layout-thumbnails-on-side layout-columns-1\"><section class=\"fusion-columns columns fusion-columns-1 columns-1\"><article class=\"post fusion-column column col col-lg-12 col-md-12 col-sm-12\"><div class=\"fusion-flexslider fusion-flexslider-loading flexslider floated-slideshow flexslider-hover-type-zoomin\"><ul class=\"slides\"><li><a href=\"https:\/\/www.ordinefarmacistiprato.it\/CMS\/2021\/03\/03\/aggiornamento-della-definizione-di-caso-covid-19-e-strategie-di-testing\/\" aria-label=\"AGGIORNAMENTO DELLA DEFINIZIONE DI CASO COVID-19 E STRATEGIE DI TESTING\" class=\"hover-type-zoomin\"><img decoding=\"async\" width=\"177\" height=\"142\" src=\"https:\/\/www.ordinefarmacistiprato.it\/CMS\/wp-content\/uploads\/2021\/03\/covid19-177x142.jpg\" class=\"attachment-portfolio-five size-portfolio-five\" alt=\"\" \/><\/a><\/li><\/ul><\/div><div class=\"recent-posts-content\"><span class=\"vcard\" style=\"display: none;\"><span class=\"fn\"><a href=\"https:\/\/www.ordinefarmacistiprato.it\/CMS\/author\/masi\/\" title=\"Articoli scritti da @Masi\" rel=\"author\">@Masi<\/a><\/span><\/span><span class=\"updated\" style=\"display:none;\">2021-09-24T16:20:11+02:00<\/span><h4 class=\"entry-title\"><a href=\"https:\/\/www.ordinefarmacistiprato.it\/CMS\/2021\/03\/03\/aggiornamento-della-definizione-di-caso-covid-19-e-strategie-di-testing\/\">AGGIORNAMENTO DELLA DEFINIZIONE DI CASO COVID-19 E STRATEGIE DI TESTING<\/a><\/h4><p class=\"meta\"><span class=\"vcard\" style=\"display: none;\"><span class=\"fn\"><a href=\"https:\/\/www.ordinefarmacistiprato.it\/CMS\/author\/masi\/\" title=\"Articoli scritti da @Masi\" rel=\"author\">@Masi<\/a><\/span><\/span><span class=\"updated\" style=\"display:none;\">2021-09-24T16:20:11+02:00<\/span><span>Marzo 3rd, 2021<\/span><span class=\"fusion-inline-sep\">|<\/span><span class=\"fusion-comments\"><span>Commenti disabilitati<span class=\"screen-reader-text\"> su AGGIORNAMENTO DELLA DEFINIZIONE DI CASO COVID-19 E STRATEGIE DI TESTING<\/span><\/span><\/span><\/p><p> Il Ministero della Salute ha fornito utili aggiornamenti sulla definizione di caso ai fini della sorveglianza [...]<\/p><\/div><\/article><article class=\"post fusion-column column col col-lg-12 col-md-12 col-sm-12\"><div class=\"recent-posts-content\"><span class=\"vcard\" style=\"display: none;\"><span class=\"fn\"><a href=\"https:\/\/www.ordinefarmacistiprato.it\/CMS\/author\/masi\/\" title=\"Articoli scritti da @Masi\" rel=\"author\">@Masi<\/a><\/span><\/span><span class=\"updated\" style=\"display:none;\">2021-09-24T16:21:30+02:00<\/span><h4 class=\"entry-title\"><a href=\"https:\/\/www.ordinefarmacistiprato.it\/CMS\/2021\/03\/03\/persone-con-patologie-per-le-quali-viene-raccomandato-preferenzialmente-lutilizzo-di-vaccini-a-mrna\/\">PERSONE CON PATOLOGIE PER LE QUALI VIENE RACCOMANDATO PREFERENZIALMENTE L\u2019UTILIZZO DI VACCINI A mRNA<\/a><\/h4><p class=\"meta\"><span class=\"vcard\" style=\"display: none;\"><span class=\"fn\"><a href=\"https:\/\/www.ordinefarmacistiprato.it\/CMS\/author\/masi\/\" title=\"Articoli scritti da @Masi\" rel=\"author\">@Masi<\/a><\/span><\/span><span class=\"updated\" style=\"display:none;\">2021-09-24T16:21:30+02:00<\/span><span>Marzo 3rd, 2021<\/span><span class=\"fusion-inline-sep\">|<\/span><span class=\"fusion-comments\"><span>Commenti disabilitati<span class=\"screen-reader-text\"> su PERSONE CON PATOLOGIE PER LE QUALI VIENE RACCOMANDATO PREFERENZIALMENTE L\u2019UTILIZZO DI VACCINI A mRNA<\/span><\/span><\/span><\/p><p> Il Ministero della Salute ha predisposto un documento che indica le persone con patologie cui sia [...]<\/p><\/div><\/article><article class=\"post fusion-column column col col-lg-12 col-md-12 col-sm-12\"><div class=\"fusion-flexslider fusion-flexslider-loading flexslider floated-slideshow flexslider-hover-type-zoomin\"><ul class=\"slides\"><li><a href=\"https:\/\/www.ordinefarmacistiprato.it\/CMS\/2021\/03\/03\/test-sierologici-e-tamponi-rapidi-in-farmacia\/\" aria-label=\"TEST SIEROLOGICI E TAMPONI RAPIDI IN FARMACIA\" class=\"hover-type-zoomin\"><img decoding=\"async\" width=\"177\" height=\"142\" src=\"https:\/\/www.ordinefarmacistiprato.it\/CMS\/wp-content\/uploads\/2021\/03\/croce_farmacia6-177x142.png\" class=\"attachment-portfolio-five size-portfolio-five\" alt=\"\" \/><\/a><\/li><\/ul><\/div><div class=\"recent-posts-content\"><span class=\"vcard\" style=\"display: none;\"><span class=\"fn\"><a href=\"https:\/\/www.ordinefarmacistiprato.it\/CMS\/author\/masi\/\" title=\"Articoli scritti da @Masi\" rel=\"author\">@Masi<\/a><\/span><\/span><span class=\"updated\" style=\"display:none;\">2021-09-24T16:23:45+02:00<\/span><h4 class=\"entry-title\"><a href=\"https:\/\/www.ordinefarmacistiprato.it\/CMS\/2021\/03\/03\/test-sierologici-e-tamponi-rapidi-in-farmacia\/\">TEST SIEROLOGICI E TAMPONI RAPIDI IN FARMACIA<\/a><\/h4><p class=\"meta\"><span class=\"vcard\" style=\"display: none;\"><span class=\"fn\"><a href=\"https:\/\/www.ordinefarmacistiprato.it\/CMS\/author\/masi\/\" title=\"Articoli scritti da @Masi\" rel=\"author\">@Masi<\/a><\/span><\/span><span class=\"updated\" style=\"display:none;\">2021-09-24T16:23:45+02:00<\/span><span>Marzo 3rd, 2021<\/span><span class=\"fusion-inline-sep\">|<\/span><span class=\"fusion-comments\"><span>Commenti disabilitati<span class=\"screen-reader-text\"> su TEST SIEROLOGICI E TAMPONI RAPIDI IN FARMACIA<\/span><\/span><\/span><\/p><p> La regione Lombardia, con la delibera XI\/4250 (con allegato l'accordo), ha disposto che fino al 31 [...]<\/p><\/div><\/article><\/section><\/div><\/div><\/div><div class=\"fusion-layout-column fusion_builder_column fusion-builder-column-3 fusion_builder_column_1_2 1_2 fusion-flex-column rounded-border\" style=\"--awb-padding-top:60px;--awb-padding-right:60px;--awb-padding-bottom:0px;;--awb-padding-left:60px;--awb-bg-color:#ffffff;--awb-bg-color-hover:#ffffff;--awb-bg-size:cover;--awb-border-color:#e2e2e2;--awb-border-top:1px;--awb-border-right:1px;--awb-border-bottom:1px;--awb-border-left:1px;--awb-border-style:solid;--awb-width-large:50%;--awb-margin-top-large:0px;--awb-spacing-right-large:3.84%;--awb-margin-bottom-large:45px;--awb-spacing-left-large:3.84%;--awb-width-medium:100%;--awb-spacing-right-medium:1.92%;--awb-spacing-left-medium:1.92%;--awb-width-small:100%;--awb-spacing-right-small:1.92%;--awb-spacing-left-small:1.92%;\"><div class=\"fusion-column-wrapper fusion-flex-justify-content-flex-start fusion-content-layout-column\"><div class=\"fusion-recent-posts fusion-recent-posts-3 avada-container layout-thumbnails-on-side layout-columns-1\"><section class=\"fusion-columns columns fusion-columns-1 columns-1\"><article class=\"post fusion-column column col col-lg-12 col-md-12 col-sm-12\"><div class=\"fusion-flexslider fusion-flexslider-loading flexslider floated-slideshow flexslider-hover-type-zoomin\"><ul class=\"slides\"><li><a href=\"https:\/\/www.ordinefarmacistiprato.it\/CMS\/2021\/02\/24\/aggiornamento-della-tariffa-nazionale-per-la-vendita-al-pubblico-dei-medicinali-17a07164-gu-n-250-del-25-10-2017\/\" aria-label=\"Aggiornamento della tariffa nazionale per la vendita al pubblico dei medicinali. (17A07164) (GU n.250 del 25-10-2017)\" class=\"hover-type-zoomin\"><img decoding=\"async\" width=\"177\" height=\"142\" src=\"https:\/\/www.ordinefarmacistiprato.it\/CMS\/wp-content\/uploads\/2021\/02\/Farmacista3-177x142.jpg\" class=\"attachment-portfolio-five size-portfolio-five\" alt=\"\" \/><\/a><\/li><\/ul><\/div><div class=\"recent-posts-content\"><span class=\"vcard\" style=\"display: none;\"><span class=\"fn\"><a href=\"https:\/\/www.ordinefarmacistiprato.it\/CMS\/author\/masi\/\" title=\"Articoli scritti da @Masi\" rel=\"author\">@Masi<\/a><\/span><\/span><span class=\"updated\" style=\"display:none;\">2021-09-24T16:43:31+02:00<\/span><h4 class=\"entry-title\"><a href=\"https:\/\/www.ordinefarmacistiprato.it\/CMS\/2021\/02\/24\/aggiornamento-della-tariffa-nazionale-per-la-vendita-al-pubblico-dei-medicinali-17a07164-gu-n-250-del-25-10-2017\/\">Aggiornamento della tariffa nazionale per la vendita al pubblico dei medicinali. (17A07164) (GU n.250 del 25-10-2017)<\/a><\/h4><p class=\"meta\"><span class=\"vcard\" style=\"display: none;\"><span class=\"fn\"><a href=\"https:\/\/www.ordinefarmacistiprato.it\/CMS\/author\/masi\/\" title=\"Articoli scritti da @Masi\" rel=\"author\">@Masi<\/a><\/span><\/span><span class=\"updated\" style=\"display:none;\">2021-09-24T16:43:31+02:00<\/span><span>Febbraio 24th, 2021<\/span><span class=\"fusion-inline-sep\">|<\/span><span class=\"fusion-comments\"><span>Commenti disabilitati<span class=\"screen-reader-text\"> su Aggiornamento della tariffa nazionale per la vendita al pubblico dei medicinali. (17A07164) (GU n.250 del 25-10-2017)<\/span><\/span><\/span><\/p><p>   Circolare Tariffe Nazionali Farmaci  Tabella Ministeriale Tariffe Farmaci    <\/p><\/div><\/article><article class=\"post fusion-column column col col-lg-12 col-md-12 col-sm-12\"><div class=\"fusion-flexslider fusion-flexslider-loading flexslider floated-slideshow flexslider-hover-type-zoomin\"><ul class=\"slides\"><li><a href=\"https:\/\/www.ordinefarmacistiprato.it\/CMS\/2021\/02\/23\/approvata-la-ricetta-elettronica-per-i-medicinali-non-a-carico-del-ssn\/\" aria-label=\"APPROVATA LA RICETTA ELETTRONICA PER I MEDICINALI NON A CARICO DEL SSN\" class=\"hover-type-zoomin\"><img decoding=\"async\" width=\"177\" height=\"142\" src=\"https:\/\/www.ordinefarmacistiprato.it\/CMS\/wp-content\/uploads\/2021\/02\/Farmacista2-177x142.jpg\" class=\"attachment-portfolio-five size-portfolio-five\" alt=\"\" \/><\/a><\/li><\/ul><\/div><div class=\"recent-posts-content\"><span class=\"vcard\" style=\"display: none;\"><span class=\"fn\"><a href=\"https:\/\/www.ordinefarmacistiprato.it\/CMS\/author\/masi\/\" title=\"Articoli scritti da @Masi\" rel=\"author\">@Masi<\/a><\/span><\/span><span class=\"updated\" style=\"display:none;\">2021-02-24T14:23:28+01:00<\/span><h4 class=\"entry-title\"><a href=\"https:\/\/www.ordinefarmacistiprato.it\/CMS\/2021\/02\/23\/approvata-la-ricetta-elettronica-per-i-medicinali-non-a-carico-del-ssn\/\">APPROVATA LA RICETTA ELETTRONICA PER I MEDICINALI NON A CARICO DEL SSN<\/a><\/h4><p class=\"meta\"><span class=\"vcard\" style=\"display: none;\"><span class=\"fn\"><a href=\"https:\/\/www.ordinefarmacistiprato.it\/CMS\/author\/masi\/\" title=\"Articoli scritti da @Masi\" rel=\"author\">@Masi<\/a><\/span><\/span><span class=\"updated\" style=\"display:none;\">2021-02-24T14:23:28+01:00<\/span><span>Febbraio 23rd, 2021<\/span><span class=\"fusion-inline-sep\">|<\/span><span class=\"fusion-comments\"><span>Commenti disabilitati<span class=\"screen-reader-text\"> su APPROVATA LA RICETTA ELETTRONICA PER I MEDICINALI NON A CARICO DEL SSN<\/span><\/span><\/span><\/p><p> Con decreto del Ministero dell'Economia e delle Finanze 30 dicembre 2020 in G.U. n. 11 del [...]<\/p><\/div><\/article><\/section><\/div><\/div><\/div><\/div><\/div><div class=\"fusion-bg-parallax\" data-bg-align=\"center center\" data-direction=\"up\" data-mute=\"false\" data-opacity=\"100\" data-velocity=\"-0.5\" data-mobile-enabled=\"false\" data-break_parents=\"0\" data-bg-image=\"http:\/\/www.ordinefarmacistiprato.it\/CMS\/wp-content\/uploads\/2015\/02\/where-we-work-parallax.jpg\" data-bg-repeat=\"false\" ><\/div><div class=\"fusion-fullwidth fullwidth-box fusion-builder-row-2 fusion-flex-container fusion-parallax-up nonhundred-percent-fullwidth non-hundred-percent-height-scrolling\" style=\"--awb-border-sizes-top:0px;--awb-border-sizes-bottom:0px;--awb-border-sizes-left:0px;--awb-border-sizes-right:0px;--awb-border-radius-top-left:0px;--awb-border-radius-top-right:0px;--awb-border-radius-bottom-right:0px;--awb-border-radius-bottom-left:0px;--awb-padding-top:150px;--awb-padding-bottom:160px;--awb-background-image:url(&quot;http:\/\/www.ordinefarmacistiprato.it\/CMS\/wp-content\/uploads\/2015\/02\/where-we-work-parallax.jpg&quot;);--awb-background-size:cover;--awb-flex-wrap:wrap;\" ><div class=\"fusion-builder-row fusion-row fusion-flex-align-items-flex-start fusion-flex-justify-content-center fusion-flex-content-wrap\" style=\"max-width:1216.8px;margin-left: calc(-4% \/ 2 );margin-right: calc(-4% \/ 2 );\"><div class=\"fusion-layout-column fusion_builder_column fusion-builder-column-4 fusion_builder_column_2_3 2_3 fusion-flex-column fusion-flex-align-self-flex-start fusion-column-no-min-height\" style=\"--awb-bg-size:cover;--awb-width-large:66.666666666667%;--awb-margin-top-large:0px;--awb-spacing-right-large:2.88%;--awb-margin-bottom-large:0px;--awb-spacing-left-large:2.88%;--awb-width-medium:100%;--awb-spacing-right-medium:1.92%;--awb-spacing-left-medium:1.92%;--awb-width-small:100%;--awb-spacing-right-small:1.92%;--awb-spacing-left-small:1.92%;\"><div class=\"fusion-column-wrapper fusion-flex-justify-content-flex-start fusion-content-layout-column\"><div class=\"fusion-title title fusion-title-1 fusion-title-center fusion-title-text fusion-title-size-two\" style=\"--awb-text-color:#ffffff;--awb-margin-bottom:30px;--awb-margin-bottom-small:30px;\"><div class=\"title-sep-container title-sep-container-left\"><div class=\"title-sep sep- sep-solid\" style=\"border-color:#e0dede;\"><\/div><\/div><span class=\"awb-title-spacer\"><\/span><h2 class=\"fusion-title-heading title-heading-center\" style=\"margin:0;\">LAVORIAMO INSIEME<\/h2><span class=\"awb-title-spacer\"><\/span><div class=\"title-sep-container title-sep-container-right\"><div class=\"title-sep sep- sep-solid\" style=\"border-color:#e0dede;\"><\/div><\/div><\/div><div class=\"fusion-separator\" style=\"align-self: center;margin-left: auto;margin-right: auto;margin-top:10px;margin-bottom:30px;width:100%;max-width:170px;\"><div class=\"fusion-separator-border sep-single sep-solid\" style=\"--awb-height:20px;--awb-amount:20px;--awb-sep-color:#444c56;border-color:#444c56;border-top-width:1px;\"><\/div><\/div><div class=\"fusion-text fusion-text-1\"><h3 style=\"text-align: center; color: #ffffff; font-weight: 400;\">L&#8217;ordine dei farmacisti ti aiuta nel rispetto dei tuoi doveri professionali e difende i tuoi diritti.<\/h3>\n<\/div><div style=\"text-align:center;\"><a class=\"fusion-button button-flat button-large button-default fusion-button-default button-1 fusion-button-default-span \" style=\"--button_margin-top:30px;\" target=\"_self\" href=\"http:\/\/www.ordinefarmacistiprato.it\/CMS\/contact-us\/\"><span class=\"fusion-button-text awb-button__text awb-button__text--default\">MAKE ENQUIRY<\/span><\/a><\/div><\/div><\/div><\/div><\/div><\/p>\n","protected":false},"excerpt":{"rendered":"","protected":false},"author":1,"featured_media":0,"parent":0,"menu_order":0,"comment_status":"closed","ping_status":"open","template":"100-width.php","meta":{"footnotes":""},"_links":{"self":[{"href":"https:\/\/www.ordinefarmacistiprato.it\/CMS\/wp-json\/wp\/v2\/pages\/929"}],"collection":[{"href":"https:\/\/www.ordinefarmacistiprato.it\/CMS\/wp-json\/wp\/v2\/pages"}],"about":[{"href":"https:\/\/www.ordinefarmacistiprato.it\/CMS\/wp-json\/wp\/v2\/types\/page"}],"author":[{"embeddable":true,"href":"https:\/\/www.ordinefarmacistiprato.it\/CMS\/wp-json\/wp\/v2\/users\/1"}],"replies":[{"embeddable":true,"href":"https:\/\/www.ordinefarmacistiprato.it\/CMS\/wp-json\/wp\/v2\/comments?post=929"}],"version-history":[{"count":1,"href":"https:\/\/www.ordinefarmacistiprato.it\/CMS\/wp-json\/wp\/v2\/pages\/929\/revisions"}],"predecessor-version":[{"id":1397,"href":"https:\/\/www.ordinefarmacistiprato.it\/CMS\/wp-json\/wp\/v2\/pages\/929\/revisions\/1397"}],"wp:attachment":[{"href":"https:\/\/www.ordinefarmacistiprato.it\/CMS\/wp-json\/wp\/v2\/media?parent=929"}],"curies":[{"name":"wp","href":"https:\/\/api.w.org\/{rel}","templated":true}]}}